{"id":480,"date":"2014-01-03T17:02:24","date_gmt":"2014-01-03T15:02:24","guid":{"rendered":"http:\/\/5638626.swh.strato-hosting.eu\/wordpress_itheina\/?page_id=480"},"modified":"2025-05-20T18:54:08","modified_gmt":"2025-05-20T16:54:08","slug":"datenschutzerklaerung","status":"publish","type":"page","link":"https:\/\/it-heina.de\/?page_id=480","title":{"rendered":"Datenschutzerkl\u00e4rung"},"content":{"rendered":"<h2>1. Datenschutz auf einen&nbsp;Blick<\/h2>\n<h3>Allgemeine Hinweise<\/h3>\n<p>Die folgenden Hinweise geben einen einfachen \u00dcberblick dar\u00fcber, was mit Ihren per\u00adso\u00adnen\u00adbe\u00adzo\u00adge\u00adnen Daten passiert, wenn Sie diese Website besuchen. Personenbezogene Daten sind alle Daten, mit denen Sie per\u00ads\u00f6n\u00adlich iden\u00adti\u00adfi\u00adziert werden k\u00f6nnen. Ausf\u00fchrliche Informationen zum Thema Datenschutz entnehmen Sie unserer unter diesem Text auf\u00adge\u00adf\u00fchr\u00adten Datenschutzerkl\u00e4rung.<\/p>\n<h3>Datenerfassung auf dieser Website<\/h3>\n<h4>Wer ist verantwortlich f\u00fcr die Datenerfassung auf dieser Website?<\/h4>\n<p>Die Datenverarbeitung auf dieser Website erfolgt durch den Websitebetreiber. Dessen Kontaktdaten k\u00f6nnen Sie dem Abschnitt \u201eHinweis zur Verantwortlichen Stelle\u201c in dieser Datenschutzerkl\u00e4rung entnehmen.<\/p>\n<h4>Wie erfassen wir Ihre&nbsp;Daten?<\/h4>\n<p>Ihre Daten werden zum einen dadurch erhoben, dass Sie uns diese mitteilen. Hierbei kann es sich z.&nbsp;B. um Daten handeln, die Sie in ein Kontaktformular eingeben.<\/p>\n<p>Andere Daten werden auto\u00adma\u00adtisch oder nach Ihrer Einwilligung beim Besuch der Website durch unsere IT-Systeme erfasst. Das sind vor allem tech\u00adni\u00adsche Daten (z.&nbsp;B. Internetbrowser, Betriebssystem oder Uhrzeit des Seitenaufrufs). Die Erfassung dieser Daten erfolgt auto\u00adma\u00adtisch, sobald Sie diese Website betreten.<\/p>\n<h4>Wof\u00fcr nutzen wir Ihre&nbsp;Daten?<\/h4>\n<p>Ein Teil der Daten wird erhoben, um eine feh\u00adler\u00adfreie Bereitstellung der Website zu gew\u00e4hr\u00adleis\u00adten. Andere Daten k\u00f6nnen zur Analyse Ihres Nutzerverhaltens verwendet werden. Sofern \u00fcber die Website Vertr\u00e4ge geschlos\u00adsen oder angebahnt werden k\u00f6nnen, werden die \u00fcber\u00admit\u00adtel\u00adten Daten auch f\u00fcr Vertragsangebote, Bestellungen oder sonstige Auftragsanfragen verarbeitet.<\/p>\n<h4>Welche Rechte haben Sie bez\u00fcglich Ihrer&nbsp;Daten?<\/h4>\n<p>Sie haben jederzeit das Recht, unent\u00adgelt\u00adlich Auskunft \u00fcber Herkunft, Empf\u00e4nger und Zweck Ihrer gespei\u00adcher\u00adten per\u00adso\u00adnen\u00adbe\u00adzo\u00adge\u00adnen Daten zu erhalten. Sie haben au\u00dferdem ein Recht, die Berichtigung oder L\u00f6schung dieser Daten zu verlangen. Wenn Sie eine Einwilligung zur Datenverarbeitung erteilt haben, k\u00f6nnen Sie diese Einwilligung jederzeit f\u00fcr die Zukunft wider\u00adru\u00adfen. Au\u00dferdem haben Sie das Recht, unter bestimm\u00adten Umst\u00e4nden die Einschr\u00e4nkung der Verarbeitung Ihrer per\u00adso\u00adnen\u00adbe\u00adzo\u00adge\u00adnen Daten zu verlangen. Des Weiteren steht Ihnen ein Beschwerderecht bei der zust\u00e4n\u00addi\u00adgen Aufsichtsbeh\u00f6rde zu.<\/p>\n<p>Hierzu sowie zu weiteren Fragen zum Thema Datenschutz k\u00f6nnen Sie sich jederzeit an uns wenden.<\/p>\n<h3>Analyse-Tools und Tools von Drittanbietern<\/h3>\n<p>Beim Besuch dieser Website kann Ihr Surf-Verhalten sta\u00adtis\u00adtisch aus\u00adge\u00adwer\u00adtet werden. Das geschieht vor allem mit soge\u00adnann\u00adten Analyseprogrammen.<\/p>\n<p>Detaillierte Informationen zu diesen Analyseprogrammen finden Sie in der folgenden Datenschutzerkl\u00e4rung.<\/p>\n<h2>2. Hosting<\/h2>\n<p>Wir hosten die Inhalte unserer Website bei folgendem Anbieter:<\/p>\n<h3>Strato<\/h3>\n<p>Anbieter ist die Strato <span class=\"caps\">AG<\/span>, Otto-Ostrowski-Stra\u00dfe 7, 10249 Berlin (nach\u00adfol\u00adgend \u201eStrato\u201c). Wenn Sie unsere Website besuchen, erfasst Strato ver\u00adschie\u00adde\u00adne Logfiles inklusive Ihrer IP-Adressen.<\/p>\n<p>Weitere Informationen entnehmen Sie der Datenschutzerkl\u00e4rung von Strato: <a href=\"https:\/\/www.strato.de\/datenschutz\/\" target=\"_blank\" rel=\"noopener noreferrer\">https:\/\/www.strato.de\/datenschutz\/<\/a>.<\/p>\n<p>Die Verwendung von Strato erfolgt auf Grundlage von Art. 6 Abs. 1 lit. f <span class=\"caps\">DSGVO<\/span>. Wir haben ein berech\u00adtig\u00adtes Interesse an einer m\u00f6glichst zuver\u00adl\u00e4s\u00adsi\u00adgen Darstellung unserer Website. Sofern eine ent\u00adspre\u00adchen\u00adde Einwilligung abgefragt wurde, erfolgt die Verarbeitung aus\u00adschlie\u00df\u00adlich auf Grundlage von Art. 6 Abs. 1 lit. a <span class=\"caps\">DSGVO<\/span> und \u00a7 25 Abs. 1 <span class=\"caps\">TDDDG<\/span>, soweit die Einwilligung die Speicherung von Cookies oder den Zugriff auf Informationen im Endger\u00e4t des Nutzers (z.&nbsp;B. Device-Fingerprinting) im Sinne des <span class=\"caps\">TDDDG<\/span> umfasst. Die Einwilligung ist jederzeit widerrufbar.<\/p>\n<h2>3. Allgemeine Hinweise und Pflichtinformationen<\/h2>\n<h3>Datenschutz<\/h3>\n<p>Die Betreiber dieser Seiten nehmen den Schutz Ihrer per\u00ads\u00f6n\u00adli\u00adchen Daten sehr ernst. Wir behandeln Ihre per\u00adso\u00adnen\u00adbe\u00adzo\u00adge\u00adnen Daten ver\u00adtrau\u00adlich und ent\u00adspre\u00adchend den gesetz\u00adli\u00adchen Datenschutzvorschriften sowie dieser Datenschutzerkl\u00e4rung.<\/p>\n<p>Wenn Sie diese Website benutzen, werden ver\u00adschie\u00adde\u00adne per\u00adso\u00adnen\u00adbe\u00adzo\u00adge\u00adne Daten erhoben. Personenbezogene Daten sind Daten, mit denen Sie per\u00ads\u00f6n\u00adlich iden\u00adti\u00adfi\u00adziert werden k\u00f6nnen. Die vor\u00adlie\u00adgen\u00adde Datenschutzerkl\u00e4rung erl\u00e4utert, welche Daten wir erheben und wof\u00fcr wir sie nutzen. Sie erl\u00e4utert auch, wie und zu welchem Zweck das geschieht.<\/p>\n<p>Wir weisen darauf hin, dass die Daten\u00fcbertragung im Internet (z.&nbsp;B. bei der Kommunikation per E\u2011Mail) Sicherheitsl\u00fccken aufweisen kann. Ein l\u00fccken\u00adlo\u00adser Schutz der Daten vor dem Zugriff durch Dritte ist nicht m\u00f6glich.<\/p>\n<h3>Hinweis zur verantwortlichen Stelle<\/h3>\n<p>Die ver\u00adant\u00adwort\u00adli\u00adche Stelle f\u00fcr die Datenverarbeitung auf dieser Website ist:<\/p>\n<p>Stefan Schnitzer<br>\nFriedrich-Zelter-Str 23<br>\n88518 Herbertingen<\/p>\n<p>Telefon: +49 (0) 75862560343<br>\nE\u2011Mail: zunftmeister@it-heina.de<\/p>\n<p>Verantwortliche Stelle ist die nat\u00fcr\u00adli\u00adche oder juris\u00adti\u00adsche Person, die allein oder gemeinsam mit anderen \u00fcber die Zwecke und Mittel der Verarbeitung von per\u00adso\u00adnen\u00adbe\u00adzo\u00adge\u00adnen Daten (z.&nbsp;B. Namen, E\u2011Mail-Adressen o. \u00c4.) entscheidet.<\/p>\n<h3>Speicherdauer<\/h3>\n<p>Soweit innerhalb dieser Datenschutzerkl\u00e4rung keine spe\u00adzi\u00adel\u00adle\u00adre Speicherdauer genannt wurde, ver\u00adblei\u00adben Ihre per\u00adso\u00adnen\u00adbe\u00adzo\u00adge\u00adnen Daten bei uns, bis der Zweck f\u00fcr die Datenverarbeitung entf\u00e4llt. Wenn Sie ein berech\u00adtig\u00adtes L\u00f6schersuchen geltend machen oder eine Einwilligung zur Datenverarbeitung wider\u00adru\u00adfen, werden Ihre Daten gel\u00f6scht, sofern wir keine anderen rechtlich zul\u00e4s\u00adsi\u00adgen Gr\u00fcnde f\u00fcr die Speicherung Ihrer per\u00adso\u00adnen\u00adbe\u00adzo\u00adge\u00adnen Daten haben (z.&nbsp;B. steuer- oder han\u00addels\u00adrecht\u00adli\u00adche Aufbewahrungsfristen); im letzt\u00adge\u00adnann\u00adten Fall erfolgt die L\u00f6schung nach Fortfall dieser Gr\u00fcnde.<\/p>\n<h3>Allgemeine Hinweise zu den Rechtsgrundlagen der Datenverarbeitung auf dieser Website<\/h3>\n<p>Sofern Sie in die Datenverarbeitung ein\u00adge\u00adwil\u00adligt haben, ver\u00adar\u00adbei\u00adten wir Ihre per\u00adso\u00adnen\u00adbe\u00adzo\u00adge\u00adnen Daten auf Grundlage von Art. 6 Abs. 1 lit. a <span class=\"caps\">DSGVO<\/span> bzw. Art. 9 Abs. 2 lit. a <span class=\"caps\">DSGVO<\/span>, sofern besondere Datenkategorien nach Art. 9 Abs. 1 <span class=\"caps\">DSGVO<\/span> ver\u00adar\u00adbei\u00adtet werden. Im Falle einer aus\u00addr\u00fcck\u00adli\u00adchen Einwilligung in die \u00dcbertragung per\u00adso\u00adnen\u00adbe\u00adzo\u00adge\u00adner Daten in Drittstaaten erfolgt die Datenverarbeitung au\u00dferdem auf Grundlage von Art. 49 Abs. 1 lit. a <span class=\"caps\">DSGVO<\/span>. Sofern Sie in die Speicherung von Cookies oder in den Zugriff auf Informationen in Ihr Endger\u00e4t (z.&nbsp;B. via Device-Fingerprinting) ein\u00adge\u00adwil\u00adligt haben, erfolgt die Datenverarbeitung zus\u00e4tz\u00adlich auf Grundlage von \u00a7 25 Abs. 1 <span class=\"caps\">TDDDG<\/span>. Die Einwilligung ist jederzeit wider\u00adruf\u00adbar. Sind Ihre Daten zur Vertragserf\u00fcllung oder zur Durchf\u00fchrung vor\u00adver\u00adtrag\u00adli\u00adcher Ma\u00dfnahmen erfor\u00adder\u00adlich, ver\u00adar\u00adbei\u00adten wir Ihre Daten auf Grundlage des Art. 6 Abs. 1 lit. b <span class=\"caps\">DSGVO<\/span>. Des Weiteren ver\u00adar\u00adbei\u00adten wir Ihre Daten, sofern diese zur Erf\u00fcllung einer recht\u00adli\u00adchen Verpflichtung erfor\u00adder\u00adlich sind auf Grundlage von Art. 6 Abs. 1 lit. c <span class=\"caps\">DSGVO<\/span>. Die Datenverarbeitung kann ferner auf Grundlage unseres berech\u00adtig\u00adten Interesses nach Art. 6 Abs. 1 lit. f <span class=\"caps\">DSGVO<\/span> erfolgen. \u00dcber die jeweils im Einzelfall ein\u00adschl\u00e4\u00adgi\u00adgen Rechtsgrundlagen wird in den folgenden Abs\u00e4tzen dieser Datenschutzerkl\u00e4rung informiert.<\/p>\n<h3>Empf\u00e4nger von personenbezogenen Daten<\/h3>\n<p>Im Rahmen unserer Gesch\u00e4ftst\u00e4tigkeit arbeiten wir mit ver\u00adschie\u00adde\u00adnen externen Stellen zusammen. Dabei ist teilweise auch eine \u00dcbermittlung von per\u00adso\u00adnen\u00adbe\u00adzo\u00adge\u00adnen Daten an diese externen Stellen erfor\u00adder\u00adlich. Wir geben per\u00adso\u00adnen\u00adbe\u00adzo\u00adge\u00adne Daten nur dann an externe Stellen weiter, wenn dies im Rahmen einer Vertragserf\u00fcllung erfor\u00adder\u00adlich ist, wenn wir gesetz\u00adlich hierzu ver\u00adpflich\u00adtet sind (z.&nbsp;B. Weitergabe von Daten an Steuerbeh\u00f6rden), wenn wir ein berech\u00adtig\u00adtes Interesse nach Art. 6 Abs. 1 lit. f <span class=\"caps\">DSGVO<\/span> an der Weitergabe haben oder wenn eine sonstige Rechtsgrundlage die Datenweitergabe erlaubt. Beim Einsatz von Auftragsverarbeitern geben wir per\u00adso\u00adnen\u00adbe\u00adzo\u00adge\u00adne Daten unserer Kunden nur auf Grundlage eines g\u00fcltigen Vertrags \u00fcber Auftragsverarbeitung weiter. Im Falle einer gemein\u00adsa\u00admen Verarbeitung wird ein Vertrag \u00fcber gemein\u00adsa\u00adme Verarbeitung geschlossen.<\/p>\n<h3>Widerruf Ihrer Einwilligung zur Datenverarbeitung<\/h3>\n<p>Viele Datenverarbeitungsvorg\u00e4nge sind nur mit Ihrer aus\u00addr\u00fcck\u00adli\u00adchen Einwilligung m\u00f6glich. Sie k\u00f6nnen eine bereits erteilte Einwilligung jederzeit wider\u00adru\u00adfen. Die Rechtm\u00e4\u00dfigkeit der bis zum Widerruf erfolgten Datenverarbeitung bleibt vom Widerruf unber\u00fchrt.<\/p>\n<h3>Widerspruchsrecht gegen die Datenerhebung in besonderen F\u00e4llen sowie gegen Direktwerbung (Art. 21&nbsp;<span class=\"caps\">DSGVO<\/span>)<\/h3>\n<p><span class=\"caps\">WENN<\/span> <span class=\"caps\">DIE<\/span> <span class=\"caps\">DATENVERARBEITUNG<\/span> <span class=\"caps\">AUF<\/span> <span class=\"caps\">GRUNDLAGE<\/span> <span class=\"caps\">VON<\/span> <span class=\"caps\">ART<\/span>. 6 <span class=\"caps\">ABS<\/span>. 1 <span class=\"caps\">LIT<\/span>. E <span class=\"caps\">ODER<\/span> F <span class=\"caps\">DSGVO<\/span> <span class=\"caps\">ERFOLGT<\/span>, <span class=\"caps\">HABEN<\/span> <span class=\"caps\">SIE<\/span> <span class=\"caps\">JEDERZEIT<\/span> <span class=\"caps\">DAS<\/span> <span class=\"caps\">RECHT<\/span>, <span class=\"caps\">AUS<\/span> <span class=\"caps\">GR\u00dcNDEN<\/span>, <span class=\"caps\">DIE<\/span> <span class=\"caps\">SICH<\/span> <span class=\"caps\">AUS<\/span> <span class=\"caps\">IHRER<\/span> <span class=\"caps\">BESONDEREN<\/span> <span class=\"caps\">SITUATION<\/span> <span class=\"caps\">ERGEBEN<\/span>, <span class=\"caps\">GEGEN<\/span> <span class=\"caps\">DIE<\/span> <span class=\"caps\">VERARBEITUNG<\/span> <span class=\"caps\">IHRER<\/span> <span class=\"caps\">PERSONENBEZOGENEN<\/span> <span class=\"caps\">DATEN<\/span> <span class=\"caps\">WIDERSPRUCH<\/span> <span class=\"caps\">EINZULEGEN<\/span>; <span class=\"caps\">DIES<\/span> <span class=\"caps\">GILT<\/span> <span class=\"caps\">AUCH<\/span> <span class=\"caps\">F\u00dcR<\/span> <span class=\"caps\">EIN<\/span> <span class=\"caps\">AUF<\/span> <span class=\"caps\">DIESE<\/span> <span class=\"caps\">BESTIMMUNGEN<\/span> <span class=\"caps\">GEST\u00dcTZTES<\/span> <span class=\"caps\">PROFILING<\/span>. <span class=\"caps\">DIE<\/span> <span class=\"caps\">JEWEILIGE<\/span> <span class=\"caps\">RECHTSGRUNDLAGE<\/span>, <span class=\"caps\">AUF<\/span> <span class=\"caps\">DENEN<\/span> <span class=\"caps\">EINE<\/span> <span class=\"caps\">VERARBEITUNG<\/span> <span class=\"caps\">BERUHT<\/span>, <span class=\"caps\">ENTNEHMEN<\/span> <span class=\"caps\">SIE<\/span> <span class=\"caps\">DIESER<\/span> <span class=\"caps\">DATENSCHUTZERKL\u00c4RUNG<\/span>. <span class=\"caps\">WENN<\/span> <span class=\"caps\">SIE<\/span> <span class=\"caps\">WIDERSPRUCH<\/span> <span class=\"caps\">EINLEGEN<\/span>, <span class=\"caps\">WERDEN<\/span> <span class=\"caps\">WIR<\/span> <span class=\"caps\">IHRE<\/span> <span class=\"caps\">BETROFFENEN<\/span> <span class=\"caps\">PERSONENBEZOGENEN<\/span> <span class=\"caps\">DATEN<\/span> <span class=\"caps\">NICHT<\/span> <span class=\"caps\">MEHR<\/span> <span class=\"caps\">VERARBEITEN<\/span>, <span class=\"caps\">ES<\/span> <span class=\"caps\">SEI<\/span> <span class=\"caps\">DENN<\/span>, <span class=\"caps\">WIR<\/span> <span class=\"caps\">K\u00d6NNEN<\/span> <span class=\"caps\">ZWINGENDE<\/span> <span class=\"caps\">SCHUTZW\u00dcRDIGE<\/span> <span class=\"caps\">GR\u00dcNDE<\/span> <span class=\"caps\">F\u00dcR<\/span> <span class=\"caps\">DIE<\/span> <span class=\"caps\">VERARBEITUNG<\/span> <span class=\"caps\">NACHWEISEN<\/span>, <span class=\"caps\">DIE<\/span> <span class=\"caps\">IHRE<\/span> <span class=\"caps\">INTERESSEN<\/span>, <span class=\"caps\">RECHTE<\/span> <span class=\"caps\">UND<\/span> <span class=\"caps\">FREIHEITEN<\/span> <span class=\"caps\">\u00dcBERWIEGEN<\/span> <span class=\"caps\">ODER<\/span> <span class=\"caps\">DIE<\/span> <span class=\"caps\">VERARBEITUNG<\/span> <span class=\"caps\">DIENT<\/span> <span class=\"caps\">DER<\/span> <span class=\"caps\">GELTENDMACHUNG<\/span>, <span class=\"caps\">AUS\u00dcBUNG<\/span> <span class=\"caps\">ODER<\/span> <span class=\"caps\">VERTEIDIGUNG<\/span> <span class=\"caps\">VON<\/span> <span class=\"caps\">RECHTSANSPR\u00dcCHEN<\/span> (<span class=\"caps\">WIDERSPRUCH<\/span> <span class=\"caps\">NACH<\/span> <span class=\"caps\">ART<\/span>. 21 <span class=\"caps\">ABS<\/span>. 1&nbsp;<span class=\"caps\">DSGVO<\/span>).<\/p>\n<p><span class=\"caps\">WERDEN<\/span> <span class=\"caps\">IHRE<\/span> <span class=\"caps\">PERSONENBEZOGENEN<\/span> <span class=\"caps\">DATEN<\/span> <span class=\"caps\">VERARBEITET<\/span>, <span class=\"caps\">UM<\/span> <span class=\"caps\">DIREKTWERBUNG<\/span> <span class=\"caps\">ZU<\/span> <span class=\"caps\">BETREIBEN<\/span>, <span class=\"caps\">SO<\/span> <span class=\"caps\">HABEN<\/span> <span class=\"caps\">SIE<\/span> <span class=\"caps\">DAS<\/span> <span class=\"caps\">RECHT<\/span>, <span class=\"caps\">JEDERZEIT<\/span> <span class=\"caps\">WIDERSPRUCH<\/span> <span class=\"caps\">GEGEN<\/span> <span class=\"caps\">DIE<\/span> <span class=\"caps\">VERARBEITUNG<\/span> <span class=\"caps\">SIE<\/span> <span class=\"caps\">BETREFFENDER<\/span> <span class=\"caps\">PERSONENBEZOGENER<\/span> <span class=\"caps\">DATEN<\/span> <span class=\"caps\">ZUM<\/span> <span class=\"caps\">ZWECKE<\/span> <span class=\"caps\">DERARTIGER<\/span> <span class=\"caps\">WERBUNG<\/span> <span class=\"caps\">EINZULEGEN<\/span>; <span class=\"caps\">DIES<\/span> <span class=\"caps\">GILT<\/span> <span class=\"caps\">AUCH<\/span> <span class=\"caps\">F\u00dcR<\/span> <span class=\"caps\">DAS<\/span> <span class=\"caps\">PROFILING<\/span>, <span class=\"caps\">SOWEIT<\/span> <span class=\"caps\">ES<\/span> <span class=\"caps\">MIT<\/span> <span class=\"caps\">SOLCHER<\/span> <span class=\"caps\">DIREKTWERBUNG<\/span> <span class=\"caps\">IN<\/span> <span class=\"caps\">VERBINDUNG<\/span> <span class=\"caps\">STEHT<\/span>. <span class=\"caps\">WENN<\/span> <span class=\"caps\">SIE<\/span> <span class=\"caps\">WIDERSPRECHEN<\/span>, <span class=\"caps\">WERDEN<\/span> <span class=\"caps\">IHRE<\/span> <span class=\"caps\">PERSONENBEZOGENEN<\/span> <span class=\"caps\">DATEN<\/span> <span class=\"caps\">ANSCHLIESSEND<\/span> <span class=\"caps\">NICHT<\/span> <span class=\"caps\">MEHR<\/span> <span class=\"caps\">ZUM<\/span> <span class=\"caps\">ZWECKE<\/span> <span class=\"caps\">DER<\/span> <span class=\"caps\">DIREKTWERBUNG<\/span> <span class=\"caps\">VERWENDET<\/span> (<span class=\"caps\">WIDERSPRUCH<\/span> <span class=\"caps\">NACH<\/span> <span class=\"caps\">ART<\/span>. 21 <span class=\"caps\">ABS<\/span>. 2&nbsp;<span class=\"caps\">DSGVO<\/span>).<\/p>\n<h3>Beschwerde\u00adrecht bei der zust\u00e4ndigen Aufsichtsbeh\u00f6rde<\/h3>\n<p>Im Falle von Verst\u00f6\u00dfen gegen die <span class=\"caps\">DSGVO<\/span> steht den Betroffenen ein Beschwerderecht bei einer Aufsichtsbeh\u00f6rde, ins\u00adbe\u00adson\u00adde\u00adre in dem Mitgliedstaat ihres gew\u00f6hn\u00adli\u00adchen Aufenthalts, ihres Arbeitsplatzes oder des Orts des mut\u00adma\u00df\u00adli\u00adchen Versto\u00dfes zu. Das Beschwerderecht besteht unbe\u00adscha\u00addet ander\u00adwei\u00adti\u00adger ver\u00adwal\u00adtungs\u00adrecht\u00adli\u00adcher oder gericht\u00adli\u00adcher Rechtsbehelfe.<\/p>\n<h3>Recht auf Daten\u00fcbertragbarkeit<\/h3>\n<p>Sie haben das Recht, Daten, die wir auf Grundlage Ihrer Einwilligung oder in Erf\u00fcllung eines Vertrags auto\u00adma\u00adti\u00adsiert ver\u00adar\u00adbei\u00adten, an sich oder an einen Dritten in einem g\u00e4ngigen, maschi\u00adnen\u00adles\u00adba\u00adren Format aus\u00adh\u00e4n\u00addi\u00adgen zu lassen. Sofern Sie die direkte \u00dcbertragung der Daten an einen anderen Verantwortlichen verlangen, erfolgt dies nur, soweit es technisch machbar ist.<\/p>\n<h3>Auskunft, Berichtigung und L\u00f6schung<\/h3>\n<p>Sie haben im Rahmen der geltenden gesetz\u00adli\u00adchen Bestimmungen jederzeit das Recht auf unent\u00adgelt\u00adli\u00adche Auskunft \u00fcber Ihre gespei\u00adcher\u00adten per\u00adso\u00adnen\u00adbe\u00adzo\u00adge\u00adnen Daten, deren Herkunft und Empf\u00e4nger und den Zweck der Datenverarbeitung und ggf. ein Recht auf Berichtigung oder L\u00f6schung dieser Daten. Hierzu sowie zu weiteren Fragen zum Thema per\u00adso\u00adnen\u00adbe\u00adzo\u00adge\u00adne Daten k\u00f6nnen Sie sich jederzeit an uns wenden.<\/p>\n<h3>Recht auf Einschr\u00e4nkung der Verarbeitung<\/h3>\n<p>Sie haben das Recht, die Einschr\u00e4nkung der Verarbeitung Ihrer per\u00adso\u00adnen\u00adbe\u00adzo\u00adge\u00adnen Daten zu verlangen. Hierzu k\u00f6nnen Sie sich jederzeit an uns wenden. Das Recht auf Einschr\u00e4nkung der Verarbeitung besteht in folgenden F\u00e4llen:<\/p>\n<ul>\n<li>Wenn Sie die Richtigkeit Ihrer bei uns gespei\u00adcher\u00adten per\u00adso\u00adnen\u00adbe\u00adzo\u00adge\u00adnen Daten bestrei\u00adten, ben\u00f6tigen wir in der Regel Zeit, um dies zu \u00fcber\u00adpr\u00fc\u00adfen. F\u00fcr die Dauer der Pr\u00fcfung haben Sie das Recht, die Einschr\u00e4nkung der Verarbeitung Ihrer per\u00adso\u00adnen\u00adbe\u00adzo\u00adge\u00adnen Daten zu verlangen.<\/li>\n<li>Wenn die Verarbeitung Ihrer per\u00adso\u00adnen\u00adbe\u00adzo\u00adge\u00adnen Daten unrecht\u00adm\u00e4\u00ad\u00dfig geschah\/geschieht, k\u00f6nnen Sie statt der L\u00f6schung die Einschr\u00e4nkung der Datenverarbeitung verlangen.<\/li>\n<li>Wenn wir Ihre per\u00adso\u00adnen\u00adbe\u00adzo\u00adge\u00adnen Daten nicht mehr ben\u00f6tigen, Sie sie jedoch zur Aus\u00fcbung, Verteidigung oder Geltendmachung von Rechtsanspr\u00fcchen ben\u00f6tigen, haben Sie das Recht, statt der L\u00f6schung die Einschr\u00e4nkung der Verarbeitung Ihrer per\u00adso\u00adnen\u00adbe\u00adzo\u00adge\u00adnen Daten zu verlangen.<\/li>\n<li>Wenn Sie einen Widerspruch nach Art. 21 Abs. 1 <span class=\"caps\">DSGVO<\/span> eingelegt haben, muss eine Abw\u00e4gung zwischen Ihren und unseren Interessen vor\u00adge\u00adnom\u00admen werden. Solange noch nicht feststeht, wessen Interessen \u00fcber\u00adwie\u00adgen, haben Sie das Recht, die Einschr\u00e4nkung der Verarbeitung Ihrer per\u00adso\u00adnen\u00adbe\u00adzo\u00adge\u00adnen Daten zu verlangen.<\/li>\n<\/ul>\n<p>Wenn Sie die Verarbeitung Ihrer per\u00adso\u00adnen\u00adbe\u00adzo\u00adge\u00adnen Daten ein\u00adge\u00adschr\u00e4nkt haben, d\u00fcrfen diese Daten \u2013 von ihrer Speicherung abgesehen \u2013 nur mit Ihrer Einwilligung oder zur Geltendmachung, Aus\u00fcbung oder Verteidigung von Rechtsanspr\u00fcchen oder zum Schutz der Rechte einer anderen nat\u00fcr\u00adli\u00adchen oder juris\u00adti\u00adschen Person oder aus Gr\u00fcnden eines wichtigen \u00f6ffent\u00adli\u00adchen Interesses der Europ\u00e4ischen Union oder eines Mitgliedstaats ver\u00adar\u00adbei\u00adtet werden.<\/p>\n<h3><span class=\"caps\">SSL-<\/span> bzw. TLS-Verschl\u00fcsselung<\/h3>\n<p>Diese Seite nutzt aus Sicherheitsgr\u00fcnden und zum Schutz der \u00dcbertragung ver\u00adtrau\u00adli\u00adcher Inhalte, wie zum Beispiel Bestellungen oder Anfragen, die Sie an uns als Seitenbetreiber senden, eine <span class=\"caps\">SSL-<\/span> bzw. TLS-Verschl\u00fcsselung. Eine ver\u00adschl\u00fcs\u00adsel\u00adte Verbindung erkennen Sie daran, dass die Adresszeile des Browsers von \u201ehttp:\/\/\u201c auf \u201ehttps:\/\/\u201c wechselt und an dem Schloss-Symbol in Ihrer Browserzeile.<\/p>\n<p>Wenn die <span class=\"caps\">SSL-<\/span> bzw. TLS-Verschl\u00fcsselung aktiviert ist, k\u00f6nnen die Daten, die Sie an uns \u00fcber\u00admit\u00adteln, nicht von Dritten mit\u00adge\u00adle\u00adsen werden.<\/p>\n<h3>Widerspruch gegen Werbe-E-Mails<\/h3>\n<p>Der Nutzung von im Rahmen der Impressumspflicht ver\u00ad\u00f6f\u00adfent\u00adlich\u00adten Kontaktdaten zur \u00dcbersendung von nicht aus\u00addr\u00fcck\u00adlich ange\u00adfor\u00adder\u00adter Werbung und Informationsmaterialien wird hiermit wider\u00adspro\u00adchen. Die Betreiber der Seiten behalten sich aus\u00addr\u00fcck\u00adlich recht\u00adli\u00adche Schritte im Falle der unver\u00adlang\u00adten Zusendung von Werbeinformationen, etwa durch Spam-E-Mails, vor.<\/p>\n<h2>4. Datenerfassung auf dieser Website<\/h2>\n<h3>Cookies<\/h3>\n<p>Unsere Internetseiten verwenden so genannte \u201eCookies\u201c. Cookies sind kleine Datenpakete und richten auf Ihrem Endger\u00e4t keinen Schaden an. Sie werden entweder vor\u00ad\u00fcber\u00adge\u00adhend f\u00fcr die Dauer einer Sitzung (Session-Cookies) oder dauerhaft (per\u00adma\u00adnen\u00adte Cookies) auf Ihrem Endger\u00e4t gespei\u00adchert. Session-Cookies werden nach Ende Ihres Besuchs auto\u00adma\u00adtisch gel\u00f6scht. Permanente Cookies bleiben auf Ihrem Endger\u00e4t gespei\u00adchert, bis Sie diese selbst l\u00f6schen oder eine auto\u00adma\u00adti\u00adsche L\u00f6schung durch Ihren Webbrowser erfolgt.<\/p>\n<p>Cookies k\u00f6nnen von uns (First-Party-Cookies) oder von Drittunternehmen stammen (sog. Third-Party-Cookies). Third-Party-Cookies erm\u00f6g\u00adli\u00adchen die Einbindung bestimm\u00adter Dienstleistungen von Drittunternehmen innerhalb von Webseiten (z.&nbsp;B. Cookies zur Abwicklung von Zahlungsdienstleistungen).<\/p>\n<p>Cookies haben ver\u00adschie\u00adde\u00adne Funktionen. Zahlreiche Cookies sind technisch notwendig, da bestimmte Webseitenfunktionen ohne diese nicht funk\u00adtio\u00adnie\u00adren w\u00fcrden (z.&nbsp;B. die Warenkorbfunktion oder die Anzeige von Videos). Andere Cookies k\u00f6nnen zur Auswertung des Nutzerverhaltens oder zu Werbezwecken verwendet werden.<\/p>\n<p>Cookies, die zur Durchf\u00fchrung des elek\u00adtro\u00adni\u00adschen Kommunikationsvorgangs, zur Bereitstellung bestimm\u00adter, von Ihnen erw\u00fcnsch\u00adter Funktionen (z.&nbsp;B. f\u00fcr die Warenkorbfunktion) oder zur Optimierung der Website (z.&nbsp;B. Cookies zur Messung des Webpublikums) erfor\u00adder\u00adlich sind (not\u00adwen\u00addi\u00adge Cookies), werden auf Grundlage von Art. 6 Abs. 1 lit. f <span class=\"caps\">DSGVO<\/span> gespei\u00adchert, sofern keine andere Rechtsgrundlage angegeben wird. Der Websitebetreiber hat ein berech\u00adtig\u00adtes Interesse an der Speicherung von not\u00adwen\u00addi\u00adgen Cookies zur technisch feh\u00adler\u00adfrei\u00aden und opti\u00admier\u00adten Bereitstellung seiner Dienste. Sofern eine Einwilligung zur Speicherung von Cookies und ver\u00adgleich\u00adba\u00adren Wiedererkennungstechnologien abgefragt wurde, erfolgt die Verarbeitung aus\u00adschlie\u00df\u00adlich auf Grundlage dieser Einwilligung (Art. 6 Abs. 1 lit. a <span class=\"caps\">DSGVO<\/span> und \u00a7 25 Abs. 1 <span class=\"caps\">TDDDG<\/span>); die Einwilligung ist jederzeit widerrufbar.<\/p>\n<p>Sie k\u00f6nnen Ihren Browser so ein\u00adstel\u00adlen, dass Sie \u00fcber das Setzen von Cookies infor\u00admiert werden und Cookies nur im Einzelfall erlauben, die Annahme von Cookies f\u00fcr bestimmte F\u00e4lle oder generell aus\u00adschlie\u00ad\u00dfen sowie das auto\u00adma\u00adti\u00adsche L\u00f6schen der Cookies beim Schlie\u00dfen des Browsers akti\u00advie\u00adren. Bei der Deaktivierung von Cookies kann die Funktionalit\u00e4t dieser Website ein\u00adge\u00adschr\u00e4nkt sein.<\/p>\n<p>Welche Cookies und Dienste auf dieser Website ein\u00adge\u00adsetzt werden, k\u00f6nnen Sie dieser Datenschutzerkl\u00e4rung entnehmen.<\/p>\n<h3>Anfrage per E\u2011Mail, Telefon oder Telefax<\/h3>\n<p>Wenn Sie uns per E\u2011Mail, Telefon oder Telefax kon\u00adtak\u00adtie\u00adren, wird Ihre Anfrage inklusive aller daraus her\u00advor\u00adge\u00adhen\u00adden per\u00adso\u00adnen\u00adbe\u00adzo\u00adge\u00adnen Daten (Name, Anfrage) zum Zwecke der Bearbeitung Ihres Anliegens bei uns gespei\u00adchert und ver\u00adar\u00adbei\u00adtet. Diese Daten geben wir nicht ohne Ihre Einwilligung weiter.<\/p>\n<p>Die Verarbeitung dieser Daten erfolgt auf Grundlage von Art. 6 Abs. 1 lit. b <span class=\"caps\">DSGVO<\/span>, sofern Ihre Anfrage mit der Erf\u00fcllung eines Vertrags zusam\u00admen\u00adh\u00e4ngt oder zur Durchf\u00fchrung vor\u00adver\u00adtrag\u00adli\u00adcher Ma\u00dfnahmen erfor\u00adder\u00adlich ist. In allen \u00fcbrigen F\u00e4llen beruht die Verarbeitung auf unserem berech\u00adtig\u00adten Interesse an der effek\u00adti\u00adven Bearbeitung der an uns gerich\u00adte\u00adten Anfragen (Art. 6 Abs. 1 lit. f <span class=\"caps\">DSGVO<\/span>) oder auf Ihrer Einwilligung (Art. 6 Abs. 1 lit. a <span class=\"caps\">DSGVO<\/span>) sofern diese abgefragt wurde; die Einwilligung ist jederzeit widerrufbar.<\/p>\n<p>Die von Ihnen an uns per Kontaktanfragen \u00fcber\u00adsand\u00adten Daten ver\u00adblei\u00adben bei uns, bis Sie uns zur L\u00f6schung auf\u00adfor\u00addern, Ihre Einwilligung zur Speicherung wider\u00adru\u00adfen oder der Zweck f\u00fcr die Datenspeicherung entf\u00e4llt (z.&nbsp;B. nach abge\u00adschlos\u00adse\u00adner Bearbeitung Ihres Anliegens). Zwingende gesetz\u00adli\u00adche Bestimmungen \u2013 ins\u00adbe\u00adson\u00adde\u00adre gesetz\u00adli\u00adche Aufbewahrungsfristen \u2013 bleiben unber\u00fchrt.<\/p>\n<h2>5. Soziale Medien<\/h2>\n<h3>Facebook<\/h3>\n<p>Auf dieser Website sind Elemente des sozialen Netzwerks Facebook inte\u00adgriert. Anbieter dieses Dienstes ist die Meta Platforms Ireland Limited, Merrion Road, Dublin 4, <span class=\"caps\">D04<\/span> <span class=\"caps\">X2K5<\/span>, Irland. Die erfassten Daten werden nach Aussage von Facebook jedoch auch in die <span class=\"caps\">USA<\/span> und in andere Drittl\u00e4nder \u00fcbertragen.<\/p>\n<p>Eine \u00dcbersicht \u00fcber die Facebook Social-Media-Elemente finden Sie hier: <a href=\"https:\/\/developers.facebook.com\/docs\/plugins\/?locale=de_DE\" target=\"_blank\" rel=\"noopener noreferrer\">https:\/\/developers.facebook.com\/docs\/plugins\/?locale=de_DE<\/a>.<\/p>\n<p>Wenn das Social-Media-Element aktiv ist, wird eine direkte Verbindung zwischen Ihrem Endger\u00e4t und dem Facebook-Server her\u00adge\u00adstellt. Facebook erh\u00e4lt dadurch die Information, dass Sie mit Ihrer IP-Adresse diese Website besucht haben. Wenn Sie den Facebook \u201eLike-Button\u201c anklicken, w\u00e4hrend Sie in Ihrem Facebook-Account ein\u00adge\u00adloggt sind, k\u00f6nnen Sie die Inhalte dieser Website auf Ihrem Facebook-Profil verlinken. Dadurch kann Facebook den Besuch dieser Website Ihrem Benutzerkonto zuordnen. Wir weisen darauf hin, dass wir als Anbieter der Seiten keine Kenntnis vom Inhalt der \u00fcber\u00admit\u00adtel\u00adten Daten sowie deren Nutzung durch Facebook erhalten. Weitere Informationen hierzu finden Sie in der Datenschutzerkl\u00e4rung von Facebook unter: <a href=\"https:\/\/de-de.facebook.com\/privacy\/explanation\" target=\"_blank\" rel=\"noopener noreferrer\">https:\/\/de-de.facebook.com\/privacy\/explanation<\/a>.<\/p>\n<p>Die Nutzung dieses Dienstes erfolgt auf Grundlage Ihrer Einwilligung nach Art. 6 Abs. 1 lit. a <span class=\"caps\">DSGVO<\/span> und \u00a7 25 Abs. 1 <span class=\"caps\">TDDDG<\/span>. Die Einwilligung ist jederzeit widerrufbar.<\/p>\n<p>Soweit mit Hilfe des hier beschrie\u00adbe\u00adnen Tools per\u00adso\u00adnen\u00adbe\u00adzo\u00adge\u00adne Daten auf unserer Website erfasst und an Facebook wei\u00adter\u00adge\u00adlei\u00adtet werden, sind wir und die Meta Platforms Ireland Limited, 4 Grand Canal Square, Grand Canal Harbour, Dublin 2, Irland gemeinsam f\u00fcr diese Datenverarbeitung ver\u00adant\u00adwort\u00adlich (Art. 26 <span class=\"caps\">DSGVO<\/span>). Die gemein\u00adsa\u00adme Verantwortlichkeit beschr\u00e4nkt sich dabei aus\u00adschlie\u00df\u00adlich auf die Erfassung der Daten und deren Weitergabe an Facebook. Die nach der Weiterleitung erfol\u00adgen\u00adde Verarbeitung durch Facebook ist nicht Teil der gemein\u00adsa\u00admen Verantwortung. Die uns gemeinsam oblie\u00adgen\u00adden Verpflichtungen wurden in einer Vereinbarung \u00fcber gemein\u00adsa\u00adme Verarbeitung fest\u00adge\u00adhal\u00adten. Den Wortlaut der Vereinbarung finden Sie unter: <a href=\"https:\/\/www.facebook.com\/legal\/controller_addendum\" target=\"_blank\" rel=\"noopener noreferrer\">https:\/\/www.facebook.com\/legal\/controller_addendum<\/a>. Laut dieser Vereinbarung sind wir f\u00fcr die Erteilung der Datenschutzinformationen beim Einsatz des Facebook-Tools und f\u00fcr die daten\u00adschutz\u00adrecht\u00adlich sichere Implementierung des Tools auf unserer Website ver\u00adant\u00adwort\u00adlich. F\u00fcr die Datensicherheit der Facebook-Produkte ist Facebook ver\u00adant\u00adwort\u00adlich. Betroffenenrechte (z.&nbsp;B. Auskunftsersuchen) hin\u00adsicht\u00adlich der bei Facebook ver\u00adar\u00adbei\u00adte\u00adten Daten k\u00f6nnen Sie direkt bei Facebook geltend machen. Wenn Sie die Betroffenenrechte bei uns geltend machen, sind wir ver\u00adpflich\u00adtet, diese an Facebook weiterzuleiten.<\/p>\n<p>Die Daten\u00fcbertragung in die <span class=\"caps\">USA<\/span> wird auf die Standardvertragsklauseln der EU-Kommission gest\u00fctzt. Details finden Sie hier: <a href=\"https:\/\/www.facebook.com\/legal\/EU_data_transfer_addendum\" target=\"_blank\" rel=\"noopener noreferrer\">https:\/\/www.facebook.com\/legal\/EU_data_transfer_addendum<\/a>, <a href=\"https:\/\/de-de.facebook.com\/help\/566994660333381\" target=\"_blank\" rel=\"noopener noreferrer\">https:\/\/de-de.facebook.com\/help\/566994660333381<\/a> und <a href=\"https:\/\/www.facebook.com\/policy.php\" target=\"_blank\" rel=\"noopener noreferrer\">https:\/\/www.facebook.com\/policy.php<\/a>.<\/p>\n<p>Das Unternehmen verf\u00fcgt \u00fcber eine Zertifizierung nach dem \u201e<span class=\"caps\">EU-US<\/span> Data Privacy Framework\u201c (<span class=\"caps\">DPF<\/span>). Der <span class=\"caps\">DPF<\/span> ist ein \u00dcbereinkommen zwischen der Europ\u00e4ischen Union und den <span class=\"caps\">USA<\/span>, der die Einhaltung euro\u00adp\u00e4i\u00adscher Datenschutzstandards bei Datenverarbeitungen in den <span class=\"caps\">USA<\/span> gew\u00e4hr\u00adleis\u00adten soll. Jedes nach dem <span class=\"caps\">DPF<\/span> zer\u00adti\u00adfi\u00adzier\u00adte Unternehmen ver\u00adpflich\u00adtet sich, diese Datenschutzstandards ein\u00adzu\u00adhal\u00adten. Weitere Informationen hierzu erhalten Sie vom Anbieter unter folgendem Link: <a href=\"https:\/\/www.dataprivacyframework.gov\/participant\/4452\" target=\"_blank\" rel=\"noopener noreferrer\">https:\/\/www.dataprivacyframework.gov\/participant\/4452<\/a>.<\/p>\n<h3>X (ehemals Twitter)<\/h3>\n<p>Auf dieser Website sind Funktionen des Dienstes X (ehemals Twitter) ein\u00adge\u00adbun\u00adden. Diese Funktionen werden angeboten durch den Mutterkonzern X Corp., 1355 Market Street, Suite 900, San Francisco, <span class=\"caps\">CA<\/span> 94103, <span class=\"caps\">USA<\/span>. F\u00fcr die Datenverarbeitung von au\u00dferhalb der <span class=\"caps\">USA<\/span> lebenden Personen ist die Niederlassung Twitter International Unlimited Company, One Cumberland Place, Fenian Street, Dublin 2, <span class=\"caps\">D02<\/span> <span class=\"caps\">AX07<\/span>, Irland, verantwortlich.<\/p>\n<p>Wenn das Social-Media-Element aktiv ist, wird eine direkte Verbindung zwischen Ihrem Endger\u00e4t und dem X\u2011Server her\u00adge\u00adstellt. X (ehemals Twitter) erh\u00e4lt dadurch Informationen \u00fcber den Besuch dieser Website durch Sie. Durch das Benutzen von X (ehemals Twitter) und der Funktion \u201eRe-Tweet\u201c bzw. \u201eRepost\u201c werden die von Ihnen besuchten Websites mit Ihrem X (ehemals Twitter)-Account verkn\u00fcpft und anderen Nutzern bekannt gegeben. Wir weisen darauf hin, dass wir als Anbieter der Seiten keine Kenntnis vom Inhalt der \u00fcber\u00admit\u00adtel\u00adten Daten sowie deren Nutzung durch X (ehemals Twitter) erhalten. Weitere Informationen hierzu finden Sie in der Datenschutzerkl\u00e4rung von X (ehemals Twitter) unter: <a href=\"https:\/\/x.com\/de\/privacy\" target=\"_blank\" rel=\"noopener noreferrer\">https:\/\/x.com\/de\/privacy<\/a>.<\/p>\n<p>Die Nutzung dieses Dienstes erfolgt auf Grundlage Ihrer Einwilligung nach Art. 6 Abs. 1 lit. a <span class=\"caps\">DSGVO<\/span> und \u00a7 25 Abs. 1 <span class=\"caps\">TDDDG<\/span>. Die Einwilligung ist jederzeit widerrufbar.<\/p>\n<p>Die Daten\u00fcbertragung in die <span class=\"caps\">USA<\/span> wird auf die Standardvertragsklauseln der EU-Kommission gest\u00fctzt. Details finden Sie hier: <a href=\"https:\/\/gdpr.x.com\/en\/controller-to-controller-transfers.html\" target=\"_blank\" rel=\"noopener noreferrer\">https:\/\/gdpr.x.com\/en\/controller-to-controller-transfers.html<\/a>.<\/p>\n<p>Ihre Datenschutzeinstellungen bei X (ehemals Twitter) k\u00f6nnen Sie in den Konto-Einstellungen unter <a href=\"https:\/\/x.com\/settings\/account\" target=\"_blank\" rel=\"noopener noreferrer\">https:\/\/x.com\/settings\/account<\/a> \u00e4ndern.<\/p>\n<p>Das Unternehmen verf\u00fcgt \u00fcber eine Zertifizierung nach dem \u201e<span class=\"caps\">EU-US<\/span> Data Privacy Framework\u201c (<span class=\"caps\">DPF<\/span>). Der <span class=\"caps\">DPF<\/span> ist ein \u00dcbereinkommen zwischen der Europ\u00e4ischen Union und den <span class=\"caps\">USA<\/span>, der die Einhaltung euro\u00adp\u00e4i\u00adscher Datenschutzstandards bei Datenverarbeitungen in den <span class=\"caps\">USA<\/span> gew\u00e4hr\u00adleis\u00adten soll. Jedes nach dem <span class=\"caps\">DPF<\/span> zer\u00adti\u00adfi\u00adzier\u00adte Unternehmen ver\u00adpflich\u00adtet sich, diese Datenschutzstandards ein\u00adzu\u00adhal\u00adten. Weitere Informationen hierzu erhalten Sie vom Anbieter unter folgendem Link: <a href=\"https:\/\/www.dataprivacyframework.gov\/participant\/2710\" target=\"_blank\" rel=\"noopener noreferrer\">https:\/\/www.dataprivacyframework.gov\/participant\/2710<\/a>.<\/p>\n<h3>Instagram<\/h3>\n<p>Auf dieser Website sind Funktionen des Dienstes Instagram ein\u00adge\u00adbun\u00adden. Diese Funktionen werden angeboten durch die Meta Platforms Ireland Limited, Merrion Road, Dublin 4, <span class=\"caps\">D04<\/span> <span class=\"caps\">X2K5<\/span>, Irland.<\/p>\n<p>Wenn das Social-Media-Element aktiv ist, wird eine direkte Verbindung zwischen Ihrem Endger\u00e4t und dem Instagram-Server her\u00adge\u00adstellt. Instagram erh\u00e4lt dadurch Informationen \u00fcber den Besuch dieser Website durch&nbsp;Sie.<\/p>\n<p>Wenn Sie in Ihrem Instagram-Account ein\u00adge\u00adloggt sind, k\u00f6nnen Sie durch Anklicken des Instagram-Buttons die Inhalte dieser Website mit Ihrem Instagram-Profil verlinken. Dadurch kann Instagram den Besuch dieser Website Ihrem Benutzerkonto zuordnen. Wir weisen darauf hin, dass wir als Anbieter der Seiten keine Kenntnis vom Inhalt der \u00fcber\u00admit\u00adtel\u00adten Daten sowie deren Nutzung durch Instagram erhalten.<\/p>\n<p>Die Nutzung dieses Dienstes erfolgt auf Grundlage Ihrer Einwilligung nach Art. 6 Abs. 1 lit. a <span class=\"caps\">DSGVO<\/span> und \u00a7 25 Abs. 1 <span class=\"caps\">TDDDG<\/span>. Die Einwilligung ist jederzeit widerrufbar.<\/p>\n<p>Soweit mit Hilfe des hier beschrie\u00adbe\u00adnen Tools per\u00adso\u00adnen\u00adbe\u00adzo\u00adge\u00adne Daten auf unserer Website erfasst und an Facebook bzw. Instagram wei\u00adter\u00adge\u00adlei\u00adtet werden, sind wir und die Meta Platforms Ireland Limited, 4 Grand Canal Square, Grand Canal Harbour, Dublin 2, Irland gemeinsam f\u00fcr diese Datenverarbeitung ver\u00adant\u00adwort\u00adlich (Art. 26 <span class=\"caps\">DSGVO<\/span>). Die gemein\u00adsa\u00adme Verantwortlichkeit beschr\u00e4nkt sich dabei aus\u00adschlie\u00df\u00adlich auf die Erfassung der Daten und deren Weitergabe an Facebook bzw. Instagram. Die nach der Weiterleitung erfol\u00adgen\u00adde Verarbeitung durch Facebook bzw. Instagram ist nicht Teil der gemein\u00adsa\u00admen Verantwortung. Die uns gemeinsam oblie\u00adgen\u00adden Verpflichtungen wurden in einer Vereinbarung \u00fcber gemein\u00adsa\u00adme Verarbeitung fest\u00adge\u00adhal\u00adten. Den Wortlaut der Vereinbarung finden Sie unter: <a href=\"https:\/\/www.facebook.com\/legal\/controller_addendum\" target=\"_blank\" rel=\"noopener noreferrer\">https:\/\/www.facebook.com\/legal\/controller_addendum<\/a>. Laut dieser Vereinbarung sind wir f\u00fcr die Erteilung der Datenschutzinformationen beim Einsatz des Facebook- bzw. Instagram-Tools und f\u00fcr die daten\u00adschutz\u00adrecht\u00adlich sichere Implementierung des Tools auf unserer Website ver\u00adant\u00adwort\u00adlich. F\u00fcr die Datensicherheit der Facebook bzw. Instagram-Produkte ist Facebook ver\u00adant\u00adwort\u00adlich. Betroffenenrechte (z.&nbsp;B. Auskunftsersuchen) hin\u00adsicht\u00adlich der bei Facebook bzw. Instagram ver\u00adar\u00adbei\u00adte\u00adten Daten k\u00f6nnen Sie direkt bei Facebook geltend machen. Wenn Sie die Betroffenenrechte bei uns geltend machen, sind wir ver\u00adpflich\u00adtet, diese an Facebook weiterzuleiten.<\/p>\n<p>Die Daten\u00fcbertragung in die <span class=\"caps\">USA<\/span> wird auf die Standardvertragsklauseln der EU-Kommission gest\u00fctzt. Details finden Sie hier: <a href=\"https:\/\/www.facebook.com\/legal\/EU_data_transfer_addendum\" target=\"_blank\" rel=\"noopener noreferrer\">https:\/\/www.facebook.com\/legal\/EU_data_transfer_addendum<\/a>, <a href=\"https:\/\/privacycenter.instagram.com\/policy\/\" target=\"_blank\" rel=\"noopener noreferrer\">https:\/\/privacycenter.instagram.com\/policy\/<\/a> und <a href=\"https:\/\/de-de.facebook.com\/help\/566994660333381\" target=\"_blank\" rel=\"noopener noreferrer\">https:\/\/de-de.facebook.com\/help\/566994660333381<\/a>.<\/p>\n<p>Weitere Informationen hierzu finden Sie in der Datenschutzerkl\u00e4rung von Instagram: <a href=\"https:\/\/privacycenter.instagram.com\/policy\/\" target=\"_blank\" rel=\"noopener noreferrer\">https:\/\/privacycenter.instagram.com\/policy\/<\/a>.<\/p>\n<p>Das Unternehmen verf\u00fcgt \u00fcber eine Zertifizierung nach dem \u201e<span class=\"caps\">EU-US<\/span> Data Privacy Framework\u201c (<span class=\"caps\">DPF<\/span>). Der <span class=\"caps\">DPF<\/span> ist ein \u00dcbereinkommen zwischen der Europ\u00e4ischen Union und den <span class=\"caps\">USA<\/span>, der die Einhaltung euro\u00adp\u00e4i\u00adscher Datenschutzstandards bei Datenverarbeitungen in den <span class=\"caps\">USA<\/span> gew\u00e4hr\u00adleis\u00adten soll. Jedes nach dem <span class=\"caps\">DPF<\/span> zer\u00adti\u00adfi\u00adzier\u00adte Unternehmen ver\u00adpflich\u00adtet sich, diese Datenschutzstandards ein\u00adzu\u00adhal\u00adten. Weitere Informationen hierzu erhalten Sie vom Anbieter unter folgendem Link: <a href=\"https:\/\/www.dataprivacyframework.gov\/participant\/4452\" target=\"_blank\" rel=\"noopener noreferrer\">https:\/\/www.dataprivacyframework.gov\/participant\/4452<\/a>.<\/p>\n<h2>6. Analyse-Tools und Werbung<\/h2>\n<h3><span class=\"caps\">WP<\/span> Statistics<\/h3>\n<p>Diese Website nutzt das Analysetool <span class=\"caps\">WP<\/span> Statistics, um Besucherzugriffe sta\u00adtis\u00adtisch aus\u00adzu\u00adwer\u00adten. Anbieter ist Veronalabs, Tatari 64, 10134, Tallinn, Estland (<a href=\"https:\/\/veronalabs.com\" target=\"_blank\" rel=\"noopener noreferrer\">https:\/\/veronalabs.com<\/a>).<\/p>\n<p>Mit <span class=\"caps\">WP<\/span> Statistics k\u00f6nnen wir die Nutzung unserer Website ana\u00adly\u00adsie\u00adren. <span class=\"caps\">WP<\/span> Statistics erfasst dabei u.&nbsp;a. Logdateien (IP-Adresse, Referrer, ver\u00adwen\u00adde\u00adte Browser, Herkunft des Nutzers, ver\u00adwen\u00adde\u00adte Suchmaschine) und Aktionen, die die Websitebesucher auf der Seite get\u00e4tigt haben (z.&nbsp;B. Klicks und Ansichten).<\/p>\n<p>Die mit <span class=\"caps\">WP<\/span> Statistics erfassten Daten werden aus\u00adschlie\u00df\u00adlich auf unserem eigenen Server gespeichert.<\/p>\n<p>Die Nutzung dieses Analyse-Tools erfolgt auf Grundlage von Art. 6 Abs. 1 lit. f <span class=\"caps\">DSGVO<\/span>. Wir haben ein berech\u00adtig\u00adtes Interesse an der anony\u00admi\u00adsier\u00adten Analyse des Nutzerverhaltens, um sowohl unser Webangebot als auch unsere Werbung zu opti\u00admie\u00adren. Sofern eine ent\u00adspre\u00adchen\u00adde Einwilligung abgefragt wurde, erfolgt die Verarbeitung aus\u00adschlie\u00df\u00adlich auf Grundlage von Art. 6 Abs. 1 lit. a <span class=\"caps\">DSGVO<\/span> und \u00a7 25 Abs. 1 <span class=\"caps\">TDDDG<\/span>, soweit die Einwilligung die Speicherung von Cookies oder den Zugriff auf Informationen im Endger\u00e4t des Nutzers (z.&nbsp;B. Device-Fingerprinting) im Sinne des <span class=\"caps\">TDDDG<\/span> umfasst. Die Einwilligung ist jederzeit widerrufbar.<\/p>\n<h2>7. Newsletter<\/h2>\n<h3>Newsletter\u00addaten<\/h3>\n<p>Wenn Sie den auf der Website ange\u00adbo\u00adte\u00adnen Newsletter beziehen m\u00f6chten, ben\u00f6tigen wir von Ihnen eine E\u2011Mail-Adresse sowie Informationen, welche uns die \u00dcberpr\u00fcfung gestatten, dass Sie der Inhaber der ange\u00adge\u00adbe\u00adnen E\u2011Mail-Adresse sind und mit dem Empfang des Newsletters ein\u00adver\u00adstan\u00adden sind. Weitere Daten werden nicht bzw. nur auf frei\u00adwil\u00adli\u00adger Basis erhoben. Diese Daten verwenden wir aus\u00adschlie\u00df\u00adlich f\u00fcr den Versand der ange\u00adfor\u00adder\u00adten Informationen und geben diese nicht an Dritte weiter.<\/p>\n<p>Die Verarbeitung der in das Newsletteranmeldeformular ein\u00adge\u00adge\u00adbe\u00adnen Daten erfolgt aus\u00adschlie\u00df\u00adlich auf Grundlage Ihrer Einwilligung (Art. 6 Abs. 1 lit. a <span class=\"caps\">DSGVO<\/span>). Die erteilte Einwilligung zur Speicherung der Daten, der E\u2011Mail-Adresse sowie deren Nutzung zum Versand des Newsletters k\u00f6nnen Sie jederzeit wider\u00adru\u00adfen, etwa \u00fcber den \u201eAustragen\u201c-Link im Newsletter. Die Rechtm\u00e4\u00dfigkeit der bereits erfolgten Datenverarbeitungsvorg\u00e4nge bleibt vom Widerruf unber\u00fchrt.<\/p>\n<p>Die von Ihnen zum Zwecke des Newsletter-Bezugs bei uns hin\u00adter\u00adleg\u00adten Daten werden von uns bis zu Ihrer Austragung aus dem Newsletter bei uns bzw. dem Newsletterdiensteanbieter gespei\u00adchert und nach der Abbestellung des Newsletters oder nach Zweckfortfall aus der Newsletterverteilerliste gel\u00f6scht. Wir behalten uns vor, E\u2011Mail-Adressen aus unserem Newsletterverteiler nach eigenem Ermessen im Rahmen unseres berech\u00adtig\u00adten Interesses nach Art. 6 Abs. 1 lit. f <span class=\"caps\">DSGVO<\/span> zu l\u00f6schen oder zu sperren.<\/p>\n<p>Daten, die zu anderen Zwecken bei uns gespei\u00adchert wurden, bleiben hiervon unber\u00fchrt.<\/p>\n<p>Nach Ihrer Austragung aus der Newsletterverteilerliste wird Ihre E\u2011Mail-Adresse bei uns bzw. dem Newsletterdiensteanbieter ggf. in einer Blacklist gespei\u00adchert, sofern dies zur Verhinderung k\u00fcnftiger Mailings erfor\u00adder\u00adlich ist. Die Daten aus der Blacklist werden nur f\u00fcr diesen Zweck verwendet und nicht mit anderen Daten zusam\u00admen\u00adge\u00adf\u00fchrt. Dies dient sowohl Ihrem Interesse als auch unserem Interesse an der Einhaltung der gesetz\u00adli\u00adchen Vorgaben beim Versand von Newslettern (berech\u00adtig\u00adtes Interesse im Sinne des Art. 6 Abs. 1 lit. f <span class=\"caps\">DSGVO<\/span>). Die Speicherung in der Blacklist ist zeitlich nicht befristet. <strong>Sie k\u00f6nnen der Speicherung wider\u00adspre\u00adchen, sofern Ihre Interessen unser berech\u00adtig\u00adtes Interesse \u00fcberwiegen.<\/strong><\/p>\n<h2>8. Plugins und&nbsp;Tools<\/h2>\n<h3>YouTube mit erweitertem Datenschutz<\/h3>\n<p>Diese Website bindet Videos der Website YouTube ein. Betreiber der Website ist die Google Ireland Limited (\u201eGoogle\u201d), Gordon House, Barrow Street, Dublin 4, Irland.<\/p>\n<p>Wenn Sie eine dieser Website besuchen, auf denen YouTube ein\u00adge\u00adbun\u00adden ist, wird eine Verbindung zu den Servern von YouTube her\u00adge\u00adstellt. Dabei wird dem YouTube-Server mit\u00adge\u00adteilt, welche unserer Seiten Sie besucht haben. Wenn Sie in Ihrem YouTube-Account ein\u00adge\u00adloggt sind, erm\u00f6g\u00adli\u00adchen Sie YouTube, Ihr Surfverhalten direkt Ihrem per\u00ads\u00f6n\u00adli\u00adchen Profil zuzu\u00adord\u00adnen. Dies k\u00f6nnen Sie ver\u00adhin\u00addern, indem Sie sich aus Ihrem YouTube-Account ausloggen.<\/p>\n<p>Wir nutzen YouTube im erwei\u00adter\u00adten Datenschutzmodus. Videos, die im erwei\u00adter\u00adten Datenschutzmodus abge\u00adspielt werden, werden nach Aussage von YouTube nicht zur Personalisierung des Surfens auf YouTube ein\u00adge\u00adsetzt. Anzeigen, die im erwei\u00adter\u00adten Datenschutzmodus aus\u00adge\u00adspielt werden, sind ebenfalls nicht per\u00adso\u00adna\u00adli\u00adsiert. Im erwei\u00adter\u00adten Datenschutzmodus werden keine Cookies gesetzt. Stattdessen werden jedoch soge\u00adnann\u00adte Local Storage Elemente im Browser des Users gespei\u00adchert, die \u00e4hnlich wie Cookies per\u00adso\u00adnen\u00adbe\u00adzo\u00adge\u00adne Daten beinhal\u00adten und zur Wiedererkennung ein\u00adge\u00adsetzt werden k\u00f6nnen. Details zum erwei\u00adter\u00adten Datenschutzmodus finden Sie hier: <a href=\"https:\/\/support.google.com\/youtube\/answer\/171780\" target=\"_blank\" rel=\"noopener noreferrer\">https:\/\/support.google.com\/youtube\/answer\/171780<\/a>.<\/p>\n<p>Gegebenenfalls k\u00f6nnen nach der Aktivierung eines YouTube-Videos weitere Datenverarbeitungsvorg\u00e4nge ausgel\u00f6st werden, auf die wir keinen Einfluss haben.<\/p>\n<p>Die Nutzung von YouTube erfolgt im Interesse einer anspre\u00adchen\u00adden Darstellung unserer Online-Angebote. Dies stellt ein berech\u00adtig\u00adtes Interesse im Sinne von Art. 6 Abs. 1 lit. f <span class=\"caps\">DSGVO<\/span> dar. Sofern eine ent\u00adspre\u00adchen\u00adde Einwilligung abgefragt wurde, erfolgt die Verarbeitung aus\u00adschlie\u00df\u00adlich auf Grundlage von Art. 6 Abs. 1 lit. a <span class=\"caps\">DSGVO<\/span> und \u00a7 25 Abs. 1 <span class=\"caps\">TDDDG<\/span>, soweit die Einwilligung die Speicherung von Cookies oder den Zugriff auf Informationen im Endger\u00e4t des Nutzers (z.&nbsp;B. Device-Fingerprinting) im Sinne des <span class=\"caps\">TDDDG<\/span> umfasst. Die Einwilligung ist jederzeit widerrufbar.<\/p>\n<p>Weitere Informationen \u00fcber Datenschutz bei YouTube finden Sie in deren Datenschutzerkl\u00e4rung unter: <a href=\"https:\/\/policies.google.com\/privacy?hl=de\" target=\"_blank\" rel=\"noopener noreferrer\">https:\/\/policies.google.com\/privacy?hl=de<\/a>.<\/p>\n<p>Das Unternehmen verf\u00fcgt \u00fcber eine Zertifizierung nach dem \u201e<span class=\"caps\">EU-US<\/span> Data Privacy Framework\u201c (<span class=\"caps\">DPF<\/span>). Der <span class=\"caps\">DPF<\/span> ist ein \u00dcbereinkommen zwischen der Europ\u00e4ischen Union und den <span class=\"caps\">USA<\/span>, der die Einhaltung euro\u00adp\u00e4i\u00adscher Datenschutzstandards bei Datenverarbeitungen in den <span class=\"caps\">USA<\/span> gew\u00e4hr\u00adleis\u00adten soll. Jedes nach dem <span class=\"caps\">DPF<\/span> zer\u00adti\u00adfi\u00adzier\u00adte Unternehmen ver\u00adpflich\u00adtet sich, diese Datenschutzstandards ein\u00adzu\u00adhal\u00adten. Weitere Informationen hierzu erhalten Sie vom Anbieter unter folgendem Link: <a href=\"https:\/\/www.dataprivacyframework.gov\/participant\/5780\" target=\"_blank\" rel=\"noopener noreferrer\">https:\/\/www.dataprivacyframework.gov\/participant\/5780<\/a>.<\/p>\n<h3>Google Maps<\/h3>\n<p>Diese Seite nutzt den Kartendienst Google Maps. Anbieter ist die Google Ireland Limited (\u201eGoogle\u201c), Gordon House, Barrow Street, Dublin 4, Irland. Mit Hilfe dieses Dienstes k\u00f6nnen wir Kartenmaterial auf unserer Website einbinden.<\/p>\n<p>Zur Nutzung der Funktionen von Google Maps ist es notwendig, Ihre IP-Adresse zu speichern. Diese Informationen werden in der Regel an einen Server von Google in den <span class=\"caps\">USA<\/span> \u00fcber\u00adtra\u00adgen und dort gespei\u00adchert. Der Anbieter dieser Seite hat keinen Einfluss auf diese Daten\u00fcbertragung. Wenn Google Maps aktiviert ist, kann Google zum Zwecke der ein\u00adheit\u00adli\u00adchen Darstellung der Schriftarten Google Fonts verwenden. Beim Aufruf von Google Maps l\u00e4dt Ihr Browser die ben\u00f6\u00adtig\u00adten Web Fonts in ihren Browsercache, um Texte und Schriftarten korrekt anzuzeigen.<\/p>\n<p>Die Nutzung von Google Maps erfolgt im Interesse einer anspre\u00adchen\u00adden Darstellung unserer Online-Angebote und an einer leichten Auffindbarkeit der von uns auf der Website ange\u00adge\u00adbe\u00adnen Orte. Dies stellt ein berech\u00adtig\u00adtes Interesse im Sinne von Art. 6 Abs. 1 lit. f <span class=\"caps\">DSGVO<\/span> dar. Sofern eine ent\u00adspre\u00adchen\u00adde Einwilligung abgefragt wurde, erfolgt die Verarbeitung aus\u00adschlie\u00df\u00adlich auf Grundlage von Art. 6 Abs. 1 lit. a <span class=\"caps\">DSGVO<\/span> und \u00a7 25 Abs. 1 <span class=\"caps\">TDDDG<\/span>, soweit die Einwilligung die Speicherung von Cookies oder den Zugriff auf Informationen im Endger\u00e4t des Nutzers (z.&nbsp;B. Device-Fingerprinting) im Sinne des <span class=\"caps\">TDDDG<\/span> umfasst. Die Einwilligung ist jederzeit widerrufbar.<\/p>\n<p>Die Daten\u00fcbertragung in die <span class=\"caps\">USA<\/span> wird auf die Standardvertragsklauseln der EU-Kommission gest\u00fctzt. Details finden Sie hier: <a href=\"https:\/\/privacy.google.com\/businesses\/gdprcontrollerterms\/\" target=\"_blank\" rel=\"noopener noreferrer\">https:\/\/privacy.google.com\/businesses\/gdprcontrollerterms\/<\/a> und <a href=\"https:\/\/privacy.google.com\/businesses\/gdprcontrollerterms\/sccs\/\" target=\"_blank\" rel=\"noopener noreferrer\">https:\/\/privacy.google.com\/businesses\/gdprcontrollerterms\/sccs\/<\/a>.<\/p>\n<p>Mehr Informationen zum Umgang mit Nutzerdaten finden Sie in der Datenschutzerkl\u00e4rung von Google: <a href=\"https:\/\/policies.google.com\/privacy?hl=de\" target=\"_blank\" rel=\"noopener noreferrer\">https:\/\/policies.google.com\/privacy?hl=de<\/a>.<\/p>\n<p>Das Unternehmen verf\u00fcgt \u00fcber eine Zertifizierung nach dem \u201e<span class=\"caps\">EU-US<\/span> Data Privacy Framework\u201c (<span class=\"caps\">DPF<\/span>). Der <span class=\"caps\">DPF<\/span> ist ein \u00dcbereinkommen zwischen der Europ\u00e4ischen Union und den <span class=\"caps\">USA<\/span>, der die Einhaltung euro\u00adp\u00e4i\u00adscher Datenschutzstandards bei Datenverarbeitungen in den <span class=\"caps\">USA<\/span> gew\u00e4hr\u00adleis\u00adten soll. Jedes nach dem <span class=\"caps\">DPF<\/span> zer\u00adti\u00adfi\u00adzier\u00adte Unternehmen ver\u00adpflich\u00adtet sich, diese Datenschutzstandards ein\u00adzu\u00adhal\u00adten. Weitere Informationen hierzu erhalten Sie vom Anbieter unter folgendem Link: <a href=\"https:\/\/www.dataprivacyframework.gov\/participant\/5780\" target=\"_blank\" rel=\"noopener noreferrer\">https:\/\/www.dataprivacyframework.gov\/participant\/5780<\/a>.<\/p>\n<p>Quelle: <a href=\"https:\/\/www.e-recht24.de\">https:\/\/www.e\u2011recht24.de<\/a><\/p>\n<p><strong><u>Wir verwenden folgende <span class=\"caps\">WORDPRESS<\/span> Plugins:<\/u><\/strong><\/p>\n<p><strong><span class=\"caps\">ALO<\/span> EasyMail Newsletter&nbsp;\u2013&nbsp;<\/strong><\/p>\n<p><strong>BackUpWordPress<\/strong><\/p>\n<p><strong>Cachify<\/strong><\/p>\n<p><strong>CKEditor for WordPress<\/strong><\/p>\n<p><strong>Custom Link Widget<\/strong><\/p>\n<p><strong>Events Manager<\/strong><\/p>\n<p>Jetpack Deutsch (de_DE)<\/p>\n<p><strong>Popup with fancybox<\/strong><\/p>\n<p><strong>Responsive WordPress Slider \u2014 Soliloquy Lite<\/strong><\/p>\n<p><strong>Symple Shortcodes<\/strong><\/p>\n<p><strong><span class=\"caps\">TR<\/span> Mobile Web<\/strong><\/p>\n<p><strong>Widget Logic<\/strong><\/p>\n<p><strong><span class=\"caps\">WP<\/span> External Links<\/strong><\/p>\n<p><strong><span class=\"caps\">WP<\/span> Lightbox 2<\/strong><\/p>\n<p><strong>wp-Typography<\/strong><\/p>\n<p><strong>Cookie Consent<\/strong><\/p>\n","protected":false},"excerpt":{"rendered":"<p>1. Datenschutz auf einen&nbsp;Blick Allgemeine Hinweise Die folgenden Hinweise geben einen einfachen \u00dcberblick dar\u00fcber, was mit Ihren per\u00adso\u00adnen\u00adbe\u00adzo\u00adge\u00adnen Daten passiert, wenn Sie diese Website besuchen. Personenbezogene Daten sind alle Daten, mit denen Sie per\u00ads\u00f6n\u00adlich iden\u00adti\u00adfi\u00adziert werden k\u00f6nnen. Ausf\u00fchrliche Informationen zum Thema Datenschutz entnehmen Sie unserer unter diesem Text auf\u00adge\u00adf\u00fchr\u00adten Datenschutzerkl\u00e4rung. Datenerfassung auf dieser Website Wer&nbsp;\u2026<\/p>\n","protected":false},"author":1,"featured_media":0,"parent":0,"menu_order":0,"comment_status":"closed","ping_status":"closed","template":"","meta":{"wp_typography_post_enhancements_disabled":false,"footnotes":""},"class_list":["post-480","page","type-page","status-publish","hentry"],"_links":{"self":[{"href":"https:\/\/it-heina.de\/index.php?rest_route=\/wp\/v2\/pages\/480","targetHints":{"allow":["GET"]}}],"collection":[{"href":"https:\/\/it-heina.de\/index.php?rest_route=\/wp\/v2\/pages"}],"about":[{"href":"https:\/\/it-heina.de\/index.php?rest_route=\/wp\/v2\/types\/page"}],"author":[{"embeddable":true,"href":"https:\/\/it-heina.de\/index.php?rest_route=\/wp\/v2\/users\/1"}],"replies":[{"embeddable":true,"href":"https:\/\/it-heina.de\/index.php?rest_route=%2Fwp%2Fv2%2Fcomments&post=480"}],"version-history":[{"count":9,"href":"https:\/\/it-heina.de\/index.php?rest_route=\/wp\/v2\/pages\/480\/revisions"}],"predecessor-version":[{"id":4195,"href":"https:\/\/it-heina.de\/index.php?rest_route=\/wp\/v2\/pages\/480\/revisions\/4195"}],"wp:attachment":[{"href":"https:\/\/it-heina.de\/index.php?rest_route=%2Fwp%2Fv2%2Fmedia&parent=480"}],"curies":[{"name":"wp","href":"https:\/\/api.w.org\/{rel}","templated":true}]}}